{"id":7,"date":"2018-01-07T14:36:20","date_gmt":"2018-01-07T13:36:20","guid":{"rendered":"http:\/\/bistrot-des-arts.fr\/pierreandre\/?page_id=7"},"modified":"2024-09-09T19:00:50","modified_gmt":"2024-09-09T17:00:50","slug":"accueil","status":"publish","type":"page","link":"http:\/\/bistrot-des-arts.fr\/pierreandre\/","title":{"rendered":"Chers Amis, Bonjour"},"content":{"rendered":"\n<h1 class=\"wp-block-heading\">Venez  nombreux nous soutenir,<\/h1>\n\n\n\n<h2 class=\"wp-block-heading\">Le dimanche 06 Octobre 2024<\/h2>\n\n\n\n<figure class=\"wp-block-image size-large\"><img decoding=\"async\" loading=\"lazy\" width=\"724\" height=\"1024\" src=\"http:\/\/bistrot-des-arts.fr\/pierreandre\/wp-content\/uploads\/2024\/09\/veuves-anonymes-724x1024.jpg\" alt=\"\" class=\"wp-image-135\" srcset=\"http:\/\/bistrot-des-arts.fr\/pierreandre\/wp-content\/uploads\/2024\/09\/veuves-anonymes-724x1024.jpg 724w, http:\/\/bistrot-des-arts.fr\/pierreandre\/wp-content\/uploads\/2024\/09\/veuves-anonymes-212x300.jpg 212w, http:\/\/bistrot-des-arts.fr\/pierreandre\/wp-content\/uploads\/2024\/09\/veuves-anonymes-768x1086.jpg 768w, http:\/\/bistrot-des-arts.fr\/pierreandre\/wp-content\/uploads\/2024\/09\/veuves-anonymes-1086x1536.jpg 1086w, http:\/\/bistrot-des-arts.fr\/pierreandre\/wp-content\/uploads\/2024\/09\/veuves-anonymes-1449x2048.jpg 1449w, http:\/\/bistrot-des-arts.fr\/pierreandre\/wp-content\/uploads\/2024\/09\/veuves-anonymes-scaled.jpg 1811w\" sizes=\"(max-width: 724px) 100vw, 724px\" \/><\/figure>\n\n\n\n<h2 class=\"wp-block-heading\">le 17 novembre 2024 <\/h2>\n\n\n\n<figure class=\"wp-block-image size-large\"><img decoding=\"async\" loading=\"lazy\" width=\"724\" height=\"1024\" src=\"http:\/\/bistrot-des-arts.fr\/pierreandre\/wp-content\/uploads\/2024\/09\/fabuleux-mariage-adele-et-paul-724x1024.jpg\" alt=\"\" class=\"wp-image-138\" srcset=\"http:\/\/bistrot-des-arts.fr\/pierreandre\/wp-content\/uploads\/2024\/09\/fabuleux-mariage-adele-et-paul-724x1024.jpg 724w, http:\/\/bistrot-des-arts.fr\/pierreandre\/wp-content\/uploads\/2024\/09\/fabuleux-mariage-adele-et-paul-212x300.jpg 212w, http:\/\/bistrot-des-arts.fr\/pierreandre\/wp-content\/uploads\/2024\/09\/fabuleux-mariage-adele-et-paul-768x1086.jpg 768w, http:\/\/bistrot-des-arts.fr\/pierreandre\/wp-content\/uploads\/2024\/09\/fabuleux-mariage-adele-et-paul-1086x1536.jpg 1086w, http:\/\/bistrot-des-arts.fr\/pierreandre\/wp-content\/uploads\/2024\/09\/fabuleux-mariage-adele-et-paul-1449x2048.jpg 1449w, http:\/\/bistrot-des-arts.fr\/pierreandre\/wp-content\/uploads\/2024\/09\/fabuleux-mariage-adele-et-paul-scaled.jpg 1811w\" sizes=\"(max-width: 724px) 100vw, 724px\" \/><\/figure>\n\n\n\n<p><\/p>\n\n\n\n<h2 class=\"wp-block-heading\">Le Samedi 30 Novembre 2024<\/h2>\n\n\n\n<figure class=\"wp-block-image size-large\"><img decoding=\"async\" loading=\"lazy\" width=\"724\" height=\"1024\" src=\"http:\/\/bistrot-des-arts.fr\/pierreandre\/wp-content\/uploads\/2024\/09\/affiche-telethon-2024-complette-724x1024.jpg\" alt=\"\" class=\"wp-image-139\" srcset=\"http:\/\/bistrot-des-arts.fr\/pierreandre\/wp-content\/uploads\/2024\/09\/affiche-telethon-2024-complette-724x1024.jpg 724w, http:\/\/bistrot-des-arts.fr\/pierreandre\/wp-content\/uploads\/2024\/09\/affiche-telethon-2024-complette-212x300.jpg 212w, http:\/\/bistrot-des-arts.fr\/pierreandre\/wp-content\/uploads\/2024\/09\/affiche-telethon-2024-complette-768x1086.jpg 768w, http:\/\/bistrot-des-arts.fr\/pierreandre\/wp-content\/uploads\/2024\/09\/affiche-telethon-2024-complette-1086x1536.jpg 1086w, http:\/\/bistrot-des-arts.fr\/pierreandre\/wp-content\/uploads\/2024\/09\/affiche-telethon-2024-complette-1448x2048.jpg 1448w, http:\/\/bistrot-des-arts.fr\/pierreandre\/wp-content\/uploads\/2024\/09\/affiche-telethon-2024-complette-scaled.jpg 1810w\" sizes=\"(max-width: 724px) 100vw, 724px\" \/><\/figure>\n\n\n\n<hr class=\"wp-block-separator has-alpha-channel-opacity\"\/>\n\n\n\n<p><\/p>\n\n\n\n<h2 class=\"wp-block-heading\">Ce n&rsquo;est plus qu&rsquo;un souvenir mais quel souvenir<\/h2>\n\n\n\n<figure class=\"wp-block-image size-large\"><img decoding=\"async\" loading=\"lazy\" width=\"724\" height=\"1024\" src=\"http:\/\/bistrot-des-arts.fr\/pierreandre\/wp-content\/uploads\/2024\/05\/seminaire-mortel-copie-1-724x1024.jpg\" alt=\"\" class=\"wp-image-130\" srcset=\"http:\/\/bistrot-des-arts.fr\/pierreandre\/wp-content\/uploads\/2024\/05\/seminaire-mortel-copie-1-724x1024.jpg 724w, http:\/\/bistrot-des-arts.fr\/pierreandre\/wp-content\/uploads\/2024\/05\/seminaire-mortel-copie-1-212x300.jpg 212w, http:\/\/bistrot-des-arts.fr\/pierreandre\/wp-content\/uploads\/2024\/05\/seminaire-mortel-copie-1-768x1086.jpg 768w, http:\/\/bistrot-des-arts.fr\/pierreandre\/wp-content\/uploads\/2024\/05\/seminaire-mortel-copie-1-1086x1536.jpg 1086w, http:\/\/bistrot-des-arts.fr\/pierreandre\/wp-content\/uploads\/2024\/05\/seminaire-mortel-copie-1-1449x2048.jpg 1449w, http:\/\/bistrot-des-arts.fr\/pierreandre\/wp-content\/uploads\/2024\/05\/seminaire-mortel-copie-1-scaled.jpg 1811w\" sizes=\"(max-width: 724px) 100vw, 724px\" \/><\/figure>\n\n\n\n<p><\/p>\n\n\n\n<figure class=\"wp-block-image size-large\"><img decoding=\"async\" loading=\"lazy\" width=\"724\" height=\"1024\" src=\"http:\/\/bistrot-des-arts.fr\/pierreandre\/wp-content\/uploads\/2024\/05\/affiche-telethon-2023-copie-724x1024.jpg\" alt=\"\" class=\"wp-image-131\" srcset=\"http:\/\/bistrot-des-arts.fr\/pierreandre\/wp-content\/uploads\/2024\/05\/affiche-telethon-2023-copie-724x1024.jpg 724w, http:\/\/bistrot-des-arts.fr\/pierreandre\/wp-content\/uploads\/2024\/05\/affiche-telethon-2023-copie-212x300.jpg 212w, http:\/\/bistrot-des-arts.fr\/pierreandre\/wp-content\/uploads\/2024\/05\/affiche-telethon-2023-copie-768x1086.jpg 768w, http:\/\/bistrot-des-arts.fr\/pierreandre\/wp-content\/uploads\/2024\/05\/affiche-telethon-2023-copie-1086x1536.jpg 1086w, http:\/\/bistrot-des-arts.fr\/pierreandre\/wp-content\/uploads\/2024\/05\/affiche-telethon-2023-copie-1448x2048.jpg 1448w, http:\/\/bistrot-des-arts.fr\/pierreandre\/wp-content\/uploads\/2024\/05\/affiche-telethon-2023-copie-scaled.jpg 1810w\" sizes=\"(max-width: 724px) 100vw, 724px\" \/><\/figure>\n\n\n\n<figure class=\"wp-block-image size-large\"><img decoding=\"async\" loading=\"lazy\" width=\"768\" height=\"1024\" src=\"http:\/\/bistrot-des-arts.fr\/pierreandre\/wp-content\/uploads\/2023\/05\/etre-ou-ne-pas-etre-theatre-copie-768x1024.jpg\" alt=\"\" class=\"wp-image-123\" srcset=\"http:\/\/bistrot-des-arts.fr\/pierreandre\/wp-content\/uploads\/2023\/05\/etre-ou-ne-pas-etre-theatre-copie-768x1024.jpg 768w, http:\/\/bistrot-des-arts.fr\/pierreandre\/wp-content\/uploads\/2023\/05\/etre-ou-ne-pas-etre-theatre-copie-225x300.jpg 225w, http:\/\/bistrot-des-arts.fr\/pierreandre\/wp-content\/uploads\/2023\/05\/etre-ou-ne-pas-etre-theatre-copie-1152x1536.jpg 1152w, http:\/\/bistrot-des-arts.fr\/pierreandre\/wp-content\/uploads\/2023\/05\/etre-ou-ne-pas-etre-theatre-copie.jpg 1500w\" sizes=\"(max-width: 768px) 100vw, 768px\" \/><\/figure>\n\n\n\n<figure class=\"wp-block-image size-large\"><img decoding=\"async\" loading=\"lazy\" width=\"724\" height=\"1024\" src=\"http:\/\/bistrot-des-arts.fr\/pierreandre\/wp-content\/uploads\/2022\/11\/affiche-telethon-2022-724x1024.jpg\" alt=\"\" class=\"wp-image-118\" srcset=\"http:\/\/bistrot-des-arts.fr\/pierreandre\/wp-content\/uploads\/2022\/11\/affiche-telethon-2022-724x1024.jpg 724w, http:\/\/bistrot-des-arts.fr\/pierreandre\/wp-content\/uploads\/2022\/11\/affiche-telethon-2022-212x300.jpg 212w, http:\/\/bistrot-des-arts.fr\/pierreandre\/wp-content\/uploads\/2022\/11\/affiche-telethon-2022-768x1086.jpg 768w, http:\/\/bistrot-des-arts.fr\/pierreandre\/wp-content\/uploads\/2022\/11\/affiche-telethon-2022-1086x1536.jpg 1086w, http:\/\/bistrot-des-arts.fr\/pierreandre\/wp-content\/uploads\/2022\/11\/affiche-telethon-2022-1448x2048.jpg 1448w, http:\/\/bistrot-des-arts.fr\/pierreandre\/wp-content\/uploads\/2022\/11\/affiche-telethon-2022-scaled.jpg 1810w\" sizes=\"(max-width: 724px) 100vw, 724px\" \/><\/figure>\n\n\n\n<p>Vendredi 25 et samedi 26 f\u00e9vrier 2022<\/p>\n\n\n<h1><img decoding=\"async\" loading=\"lazy\" class=\"alignnone size-large wp-image-114\" src=\"http:\/\/bistrot-des-arts.fr\/pierreandre\/wp-content\/uploads\/2022\/02\/tarlelette-Elisa-1-copie-742x1024.jpg\" alt=\"\" width=\"660\" height=\"911\" srcset=\"http:\/\/bistrot-des-arts.fr\/pierreandre\/wp-content\/uploads\/2022\/02\/tarlelette-Elisa-1-copie-742x1024.jpg 742w, http:\/\/bistrot-des-arts.fr\/pierreandre\/wp-content\/uploads\/2022\/02\/tarlelette-Elisa-1-copie-217x300.jpg 217w, http:\/\/bistrot-des-arts.fr\/pierreandre\/wp-content\/uploads\/2022\/02\/tarlelette-Elisa-1-copie-768x1061.jpg 768w, http:\/\/bistrot-des-arts.fr\/pierreandre\/wp-content\/uploads\/2022\/02\/tarlelette-Elisa-1-copie-1112x1536.jpg 1112w, http:\/\/bistrot-des-arts.fr\/pierreandre\/wp-content\/uploads\/2022\/02\/tarlelette-Elisa-1-copie-1483x2048.jpg 1483w, http:\/\/bistrot-des-arts.fr\/pierreandre\/wp-content\/uploads\/2022\/02\/tarlelette-Elisa-1-copie-scaled.jpg 1854w\" sizes=\"(max-width: 660px) 100vw, 660px\" \/><\/h1>\n<h1 style=\"text-align: center;\">Le Samedi 08 F\u00e9vrier \u00e0 16H00<\/h1>\n<div class=\"t pg-1m0 pg-1x6 pg-1h6 pg-1yd pg-1ff3 pg-1fs3 pg-1fc2 pg-1sc0 pg-1ls0 pg-1ws0\">Mesdames, Messieurs, Chers amis.<\/div>\n<div class=\"t pg-1m0 pg-1x8 pg-1h5 pg-1yf pg-1ff2 pg-1fs3 pg-1fc2 pg-1sc0 pg-1ls0 pg-1ws0\">&nbsp;<\/div>\n<div class=\"t pg-1m0 pg-1x6 pg-1h5 pg-1y10 pg-1ff2 pg-1fs3 pg-1fc2 pg-1sc0 pg-1ls0 pg-1ws0\">Comme nous l\u2019avons promis nous continuons le combat de PIERRE-ANDRE.<\/div>\n<div class=\"t pg-1m0 pg-1x8 pg-1h5 pg-1y11 pg-1ff2 pg-1fs3 pg-1fc2 pg-1sc0 pg-1ls0 pg-1ws0\">Souhaitant f\u00e9d\u00e9rer toutes les personnes en difficult\u00e9, poursuivre sa volont\u00e9 de<\/div>\n<div class=\"t pg-1m0 pg-1x8 pg-1h5 pg-1y14 pg-1ff2 pg-1fs3 pg-1fc2 pg-1sc0 pg-1ls0 pg-1ws0\">rapprochement et de solidarit\u00e9, nous vous donnons rendez-vous le samedi 8 f\u00e9vrier 2020 \u00e0 16h00 \u00e0 la salle \u00ab L\u2019ACCENT \u00bb pour assister \u00e0 l\u2019Assembl\u00e9e G\u00e9n\u00e9rale de l\u2019Association et pour d\u00e9guster ensemble des cr\u00eapes \u00e0 l\u2019occasion de la \u00ab Chandeleur \u00bb.<\/div>\n<div class=\"t pg-1m0 pg-1x8 pg-1h5 pg-1y14 pg-1ff2 pg-1fs3 pg-1fc2 pg-1sc0 pg-1ls0 pg-1ws0\">Ce sera l\u2019occasion de se retrouver dans une ambiance conviviale, de faire le point sur ce que nous avons fait en 2019, de vous exposer nos projets 2020, et de r\u00e9cup\u00e9rer les cotisations de nos g\u00e9n\u00e9reux adh\u00e9rents. sans qui tout cela ne serait pas possible.<\/div>\n<div class=\"t pg-1m0 pg-1x8 pg-1h5 pg-1y14 pg-1ff2 pg-1fs3 pg-1fc2 pg-1sc0 pg-1ls0 pg-1ws0\">le prix de la cotisation 2020 reste inchang\u00e9 \u00e0 15\u20ac et 1\u20ac symbolique pour les mineurs et les \u00e9tudiants.<\/div>\n<div class=\"t pg-1m0 pg-1x8 pg-1h5 pg-1y14 pg-1ff2 pg-1fs3 pg-1fc2 pg-1sc0 pg-1ls0 pg-1ws0\"><a href=\"http:\/\/bistrot-des-arts.fr\/telethon\/tlch\/2018%20Bulletin%20d'adh%c3%a9sion%20association%20Pierre%20Andre.pdf\" target=\"_blank\" rel=\"noopener noreferrer\">Bulletin d\u2019adh\u00e9sion association Pierre Andr\u00e9 \u00e0 t\u00e9l\u00e9charger ici <\/a><\/div>\n<div class=\"t pg-1m0 pg-1x8 pg-1h5 pg-1y14 pg-1ff2 pg-1fs3 pg-1fc2 pg-1sc0 pg-1ls0 pg-1ws0\">Un re\u00e7u fiscal vous donnant droit \u00e0 une r\u00e9duction d\u2019imp\u00f4t vous sera envoyer.<\/div>\n<p><\/p>\n<h1><img decoding=\"async\" loading=\"lazy\" class=\"alignnone wp-image-13 aligncenter\" src=\"http:\/\/bistrot-des-arts.fr\/pierreandre\/wp-content\/uploads\/2018\/01\/APA-logo1000-300x300.jpg\" alt=\"\" width=\"169\" height=\"169\" srcset=\"http:\/\/bistrot-des-arts.fr\/pierreandre\/wp-content\/uploads\/2018\/01\/APA-logo1000-300x300.jpg 300w, http:\/\/bistrot-des-arts.fr\/pierreandre\/wp-content\/uploads\/2018\/01\/APA-logo1000-150x150.jpg 150w, http:\/\/bistrot-des-arts.fr\/pierreandre\/wp-content\/uploads\/2018\/01\/APA-logo1000-768x768.jpg 768w, http:\/\/bistrot-des-arts.fr\/pierreandre\/wp-content\/uploads\/2018\/01\/APA-logo1000-100x100.jpg 100w, http:\/\/bistrot-des-arts.fr\/pierreandre\/wp-content\/uploads\/2018\/01\/APA-logo1000.jpg 1000w\" sizes=\"(max-width: 169px) 100vw, 169px\" \/><\/h1>\n<h1 style=\"text-align: center;\">Le samedi 07 d\u00e9cembre <\/h1>\n<h1 style=\"text-align: center;\">Retrouvez les b\u00e9n\u00e9voles de l\u2019Association Pierre-Andr\u00e9 et de nombreuses autres associations au&#8230;..<\/h1>\n<p><img decoding=\"async\" loading=\"lazy\" class=\"alignnone size-large wp-image-88 aligncenter\" src=\"http:\/\/bistrot-des-arts.fr\/pierreandre\/wp-content\/uploads\/2019\/08\/tract-telethon-2019-copie-724x1024.jpg\" alt=\"\" width=\"660\" height=\"933\" srcset=\"http:\/\/bistrot-des-arts.fr\/pierreandre\/wp-content\/uploads\/2019\/08\/tract-telethon-2019-copie-724x1024.jpg 724w, http:\/\/bistrot-des-arts.fr\/pierreandre\/wp-content\/uploads\/2019\/08\/tract-telethon-2019-copie-212x300.jpg 212w, http:\/\/bistrot-des-arts.fr\/pierreandre\/wp-content\/uploads\/2019\/08\/tract-telethon-2019-copie-768x1086.jpg 768w\" sizes=\"(max-width: 660px) 100vw, 660px\" \/><\/p>\n<h1><img decoding=\"async\" loading=\"lazy\" class=\"alignnone size-large wp-image-108\" src=\"http:\/\/bistrot-des-arts.fr\/pierreandre\/wp-content\/uploads\/2019\/11\/tract-telethon-2-2019-copie-724x1024.jpg\" alt=\"\" width=\"660\" height=\"933\" srcset=\"http:\/\/bistrot-des-arts.fr\/pierreandre\/wp-content\/uploads\/2019\/11\/tract-telethon-2-2019-copie-724x1024.jpg 724w, http:\/\/bistrot-des-arts.fr\/pierreandre\/wp-content\/uploads\/2019\/11\/tract-telethon-2-2019-copie-212x300.jpg 212w, http:\/\/bistrot-des-arts.fr\/pierreandre\/wp-content\/uploads\/2019\/11\/tract-telethon-2-2019-copie-768x1086.jpg 768w\" sizes=\"(max-width: 660px) 100vw, 660px\" \/><\/h1>\n<p><!--more--><\/p>\n<h1>La suite de cette page montre ce que certains ont loup\u00e9s et de bons souvenirs pour les autres \ud83d\ude09<\/h1>\n<h1 style=\"text-align: center;\">Le dimanche 27 octobre <\/h1>\n<p style=\"text-align: center;\"><img decoding=\"async\" loading=\"lazy\" class=\"alignnone size-large wp-image-89\" src=\"http:\/\/bistrot-des-arts.fr\/pierreandre\/wp-content\/uploads\/2019\/08\/pere-noel-ordure-2019-724x1024.jpg\" alt=\"\" width=\"660\" height=\"933\" srcset=\"http:\/\/bistrot-des-arts.fr\/pierreandre\/wp-content\/uploads\/2019\/08\/pere-noel-ordure-2019-724x1024.jpg 724w, http:\/\/bistrot-des-arts.fr\/pierreandre\/wp-content\/uploads\/2019\/08\/pere-noel-ordure-2019-212x300.jpg 212w, http:\/\/bistrot-des-arts.fr\/pierreandre\/wp-content\/uploads\/2019\/08\/pere-noel-ordure-2019-768x1086.jpg 768w\" sizes=\"(max-width: 660px) 100vw, 660px\" \/><\/p>\n<h1>Le dimanche 29 septembre <\/h1>\n<p><img decoding=\"async\" loading=\"lazy\" class=\"alignnone size-large wp-image-90\" src=\"http:\/\/bistrot-des-arts.fr\/pierreandre\/wp-content\/uploads\/2019\/08\/aff-Brochette-ok-copie-683x1024.gif\" alt=\"\" width=\"660\" height=\"990\" srcset=\"http:\/\/bistrot-des-arts.fr\/pierreandre\/wp-content\/uploads\/2019\/08\/aff-Brochette-ok-copie-683x1024.gif 683w, http:\/\/bistrot-des-arts.fr\/pierreandre\/wp-content\/uploads\/2019\/08\/aff-Brochette-ok-copie-200x300.gif 200w, http:\/\/bistrot-des-arts.fr\/pierreandre\/wp-content\/uploads\/2019\/08\/aff-Brochette-ok-copie-768x1152.gif 768w\" sizes=\"(max-width: 660px) 100vw, 660px\" \/><\/p>\n<h1>le dimanche 1er septembre <\/h1>\n<p>&nbsp;Au vide grenier de Montrab\u00e9, nous \u00e9tions derri\u00e8re le stand cr\u00eapes.<\/p>\n<p>Avec la complicit\u00e9 du Judo Club de Montrab\u00e9<\/p>\n<p style=\"text-align: center;\"><img decoding=\"async\" loading=\"lazy\" class=\"alignnone size-large wp-image-99\" src=\"http:\/\/bistrot-des-arts.fr\/pierreandre\/wp-content\/uploads\/2019\/09\/crepes-vides-grenier-2019-1024x768.jpg\" alt=\"\" width=\"660\" height=\"495\" srcset=\"http:\/\/bistrot-des-arts.fr\/pierreandre\/wp-content\/uploads\/2019\/09\/crepes-vides-grenier-2019-1024x768.jpg 1024w, http:\/\/bistrot-des-arts.fr\/pierreandre\/wp-content\/uploads\/2019\/09\/crepes-vides-grenier-2019-300x225.jpg 300w, http:\/\/bistrot-des-arts.fr\/pierreandre\/wp-content\/uploads\/2019\/09\/crepes-vides-grenier-2019-768x576.jpg 768w, http:\/\/bistrot-des-arts.fr\/pierreandre\/wp-content\/uploads\/2019\/09\/crepes-vides-grenier-2019.jpg 1080w\" sizes=\"(max-width: 660px) 100vw, 660px\" \/><\/p>\n<h1 style=\"text-align: center;\"><strong>Le dimanche 05 mai <br><\/strong><\/h1>\n<p><img decoding=\"async\" src=\"http:\/\/bistrot-des-arts.fr\/pierreandre\/wp-content\/uploads\/2019\/04\/NUMERO-COMPLEMENTAIRE-1-2-732x1024.jpg\" alt=\"L\u2019attribut alt de cette image est vide, son nom de fichier est NUMERO-COMPLEMENTAIRE-1-2-732x1024.jpg.\"><\/p>\n<h1 style=\"text-align: center;\"><strong>Le jeudi 04 Avril <br><\/strong><\/h1>\n<p><img decoding=\"async\" loading=\"lazy\" class=\"alignnone  wp-image-76\" src=\"http:\/\/bistrot-des-arts.fr\/pierreandre\/wp-content\/uploads\/2019\/04\/LElixir-damour-Orens-affiche-fiche-1-219x300.jpg\" alt=\"\" width=\"628\" height=\"860\" srcset=\"http:\/\/bistrot-des-arts.fr\/pierreandre\/wp-content\/uploads\/2019\/04\/LElixir-damour-Orens-affiche-fiche-1-219x300.jpg 219w, http:\/\/bistrot-des-arts.fr\/pierreandre\/wp-content\/uploads\/2019\/04\/LElixir-damour-Orens-affiche-fiche-1-768x1053.jpg 768w, http:\/\/bistrot-des-arts.fr\/pierreandre\/wp-content\/uploads\/2019\/04\/LElixir-damour-Orens-affiche-fiche-1-747x1024.jpg 747w\" sizes=\"(max-width: 628px) 100vw, 628px\" \/><\/p>\n<h1 style=\"text-align: center;\">Le Samedi 09 F\u00e9vrier 2019 \u00e0 16H00<\/h1>\n<h3 style=\"text-align: center;\">Toute l\u2019\u00e9quipe de l\u2019Association Pierre-Andr\u00e9 vous invite \u00e0 la salle de l&rsquo;accent de Montrab\u00e9 pour son assembl\u00e9e g\u00e9n\u00e9rale, suivie de son gouter et ses cr\u00eapes artisanales.<\/h3>\n<p style=\"text-align: center;\">notre cotisation reste inchang\u00e9 depuis 18 ans &#8230; 15\u20ac et seulement 1\u20ac pour les mineurs et \u00e9tudiants<\/p>\n<h1 style=\"text-align: center;\"><img decoding=\"async\" loading=\"lazy\" class=\"alignnone wp-image-13\" src=\"http:\/\/bistrot-des-arts.fr\/pierreandre\/wp-content\/uploads\/2018\/01\/APA-logo1000-300x300.jpg\" alt=\"\" width=\"169\" height=\"169\" srcset=\"http:\/\/bistrot-des-arts.fr\/pierreandre\/wp-content\/uploads\/2018\/01\/APA-logo1000-300x300.jpg 300w, http:\/\/bistrot-des-arts.fr\/pierreandre\/wp-content\/uploads\/2018\/01\/APA-logo1000-150x150.jpg 150w, http:\/\/bistrot-des-arts.fr\/pierreandre\/wp-content\/uploads\/2018\/01\/APA-logo1000-768x768.jpg 768w, http:\/\/bistrot-des-arts.fr\/pierreandre\/wp-content\/uploads\/2018\/01\/APA-logo1000-100x100.jpg 100w, http:\/\/bistrot-des-arts.fr\/pierreandre\/wp-content\/uploads\/2018\/01\/APA-logo1000.jpg 1000w\" sizes=\"(max-width: 169px) 100vw, 169px\" \/><\/h1>\n<h1 style=\"text-align: center;\">Le Samedi 08 D\u00e9cembre 2018 \u00e0 partir de 10h00<\/h1>\n<h3 style=\"text-align: center;\">Retrouvez les b\u00e9n\u00e9voles de l\u2019Association Pierre-Andr\u00e9 et de nombreuses autres associations au&#8230;..<\/h3>\n<h1 style=\"text-align: center;\"><a href=\"http:\/\/bistrot-des-arts.fr\/aspa\/\" target=\"_blank\" rel=\"noopener noreferrer\"><img decoding=\"async\" loading=\"lazy\" class=\"alignnone wp-image-53\" src=\"http:\/\/bistrot-des-arts.fr\/pierreandre\/wp-content\/uploads\/2018\/11\/tract-telethon-2018-copie-212x300.jpg\" alt=\"\" width=\"1209\" height=\"1709\" srcset=\"http:\/\/bistrot-des-arts.fr\/pierreandre\/wp-content\/uploads\/2018\/11\/tract-telethon-2018-copie-212x300.jpg 212w, http:\/\/bistrot-des-arts.fr\/pierreandre\/wp-content\/uploads\/2018\/11\/tract-telethon-2018-copie-768x1086.jpg 768w, http:\/\/bistrot-des-arts.fr\/pierreandre\/wp-content\/uploads\/2018\/11\/tract-telethon-2018-copie-724x1024.jpg 724w\" sizes=\"(max-width: 1209px) 100vw, 1209px\" \/><\/a><\/h1>\n<p><a href=\"http:\/\/bistrot-des-arts.fr\/aspa\/\" target=\"_blank\" rel=\"noopener noreferrer\"><img decoding=\"async\" loading=\"lazy\" class=\"alignnone wp-image-54 aligncenter\" src=\"http:\/\/bistrot-des-arts.fr\/pierreandre\/wp-content\/uploads\/2018\/11\/tract-telethon-2-2018-copie-212x300.jpg\" alt=\"\" width=\"853\" height=\"1207\" srcset=\"http:\/\/bistrot-des-arts.fr\/pierreandre\/wp-content\/uploads\/2018\/11\/tract-telethon-2-2018-copie-212x300.jpg 212w, http:\/\/bistrot-des-arts.fr\/pierreandre\/wp-content\/uploads\/2018\/11\/tract-telethon-2-2018-copie-768x1086.jpg 768w, http:\/\/bistrot-des-arts.fr\/pierreandre\/wp-content\/uploads\/2018\/11\/tract-telethon-2-2018-copie-724x1024.jpg 724w\" sizes=\"(max-width: 853px) 100vw, 853px\" \/><\/a><\/p>\n<h1 style=\"text-align: center;\">Le Samedi 28 Avril 2018 \u00e0 20h30<\/h1>\n<h3 style=\"text-align: center;\">Toute l\u2019\u00e9quipe de l\u2019Association Pierre-Andr\u00e9 vous pr\u00e9sente<\/h3>\n<h3 style=\"text-align: center;\"><a href=\"http:\/\/aspierreandre.free.fr\/telethon\/mamie.jpg\"><img decoding=\"async\" loading=\"lazy\" class=\"aligncenter size-medium\" src=\"http:\/\/aspierreandre.free.fr\/telethon\/mamie.jpg\" width=\"1588\" height=\"2246\"><\/a><\/h3>\n<h1 style=\"text-align: center;\">Le Samedi 10 F\u00e9vrier 2018, ASSEMBL\u00c9E G\u00c9N\u00c9RALE DE NOTRE ASSOCIATION<\/h1>\n<div class=\"t pg-1m0 pg-1x6 pg-1h6 pg-1yd pg-1ff3 pg-1fs3 pg-1fc2 pg-1sc0 pg-1ls0 pg-1ws0\">Mesdames, Messieurs, Chers amis.<\/div>\n<div class=\"t pg-1m0 pg-1x8 pg-1h5 pg-1yf pg-1ff2 pg-1fs3 pg-1fc2 pg-1sc0 pg-1ls0 pg-1ws0\">&nbsp;<\/div>\n<div class=\"t pg-1m0 pg-1x6 pg-1h5 pg-1y10 pg-1ff2 pg-1fs3 pg-1fc2 pg-1sc0 pg-1ls0 pg-1ws0\">Comme nous l\u2019avons promis nous continuons le combat de PIERRE-ANDRE.<\/div>\n<div class=\"t pg-1m0 pg-1x8 pg-1h5 pg-1y11 pg-1ff2 pg-1fs3 pg-1fc2 pg-1sc0 pg-1ls0 pg-1ws0\">Souhaitant f\u00e9d\u00e9rer toutes les personnes en difficult\u00e9, poursuivre sa volont\u00e9 de<\/div>\n<div class=\"t pg-1m0 pg-1x8 pg-1h5 pg-1y14 pg-1ff2 pg-1fs3 pg-1fc2 pg-1sc0 pg-1ls0 pg-1ws0\">rapprochement et de solidarit\u00e9, nous vous donnons rendez-vous le samedi 10 f\u00e9vrier 2018 \u00e0 15h30 \u00e0 la salle \u00ab\u00a0L&rsquo;ACCENT\u00a0\u00bb pour assister \u00e0 l\u2019Assembl\u00e9e G\u00e9n\u00e9rale de l\u2019Association et pour d\u00e9guster ensemble des cr\u00eapes \u00e0 l\u2019occasion de la \u00ab Chandeleur \u00bb.<\/div>\n<div class=\"t pg-1m0 pg-1x8 pg-1h5 pg-1y14 pg-1ff2 pg-1fs3 pg-1fc2 pg-1sc0 pg-1ls0 pg-1ws0\">Ce sera l\u2019occasion de se retrouver dans une ambiance conviviale, de faire le point sur ce que nous avons fait en 2017, de vous exposer nos projets 2018, et de r\u00e9cup\u00e9rer les cotisations de nos g\u00e9n\u00e9reux adh\u00e9rents. sans qui tout cela ne serait pas possible.<\/div>\n<div class=\"t pg-1m0 pg-1x8 pg-1h5 pg-1y14 pg-1ff2 pg-1fs3 pg-1fc2 pg-1sc0 pg-1ls0 pg-1ws0\">le prix de la cotisation 2018 reste inchang\u00e9 \u00e0 15\u20ac et 1\u20ac symbolique pour les mineurs et les \u00e9tudiants.<\/div>\n<div class=\"t pg-1m0 pg-1x8 pg-1h5 pg-1y14 pg-1ff2 pg-1fs3 pg-1fc2 pg-1sc0 pg-1ls0 pg-1ws0\"><a href=\"http:\/\/bistrot-des-arts.fr\/telethon\/tlch\/2018%20Bulletin%20d'adh%c3%a9sion%20association%20Pierre%20Andre.pdf\" target=\"_blank\" rel=\"noopener noreferrer\">Bulletin d&rsquo;adh\u00e9sion association Pierre Andr\u00e9 \u00e0 t\u00e9l\u00e9charger ici <\/a><\/div>\n<div class=\"t pg-1m0 pg-1x8 pg-1h5 pg-1y14 pg-1ff2 pg-1fs3 pg-1fc2 pg-1sc0 pg-1ls0 pg-1ws0\">Un re\u00e7u fiscal vous donnant droit \u00e0 une r\u00e9duction d\u2019imp\u00f4t vous sera envoyer.<\/div>\n<div>&nbsp;<\/div>\n<div>\n<h1>Le Dimanche 04 F\u00e9vrier 2018<\/h1>\n<p>Cr\u00e9ation de notre nouveau site internet, qui a pour objectif d\u2019\u00eatre plus proche de vous.<\/p>\n<\/div>\n\n\n<p><\/p>\n\n\n\n<p><\/p>\n","protected":false},"excerpt":{"rendered":"<p>Venez nombreux nous soutenir, Le dimanche 06 Octobre 2024 le 17 novembre 2024 Le Samedi 30 Novembre 2024 Ce n&rsquo;est plus qu&rsquo;un souvenir mais quel souvenir Vendredi 25 et samedi 26 f\u00e9vrier 2022 Le Samedi 08 F\u00e9vrier \u00e0 16H00 Mesdames, Messieurs, Chers amis. &nbsp; Comme nous l\u2019avons promis nous continuons le combat de PIERRE-ANDRE. Souhaitant &hellip; <a href=\"http:\/\/bistrot-des-arts.fr\/pierreandre\/\" class=\"more-link\">Continuer la lecture de <span class=\"screen-reader-text\">Chers Amis, Bonjour<\/span><\/a><\/p>\n","protected":false},"author":1,"featured_media":0,"parent":0,"menu_order":0,"comment_status":"closed","ping_status":"closed","template":"","meta":[],"aioseo_notices":[],"_links":{"self":[{"href":"http:\/\/bistrot-des-arts.fr\/pierreandre\/wp-json\/wp\/v2\/pages\/7"}],"collection":[{"href":"http:\/\/bistrot-des-arts.fr\/pierreandre\/wp-json\/wp\/v2\/pages"}],"about":[{"href":"http:\/\/bistrot-des-arts.fr\/pierreandre\/wp-json\/wp\/v2\/types\/page"}],"author":[{"embeddable":true,"href":"http:\/\/bistrot-des-arts.fr\/pierreandre\/wp-json\/wp\/v2\/users\/1"}],"replies":[{"embeddable":true,"href":"http:\/\/bistrot-des-arts.fr\/pierreandre\/wp-json\/wp\/v2\/comments?post=7"}],"version-history":[{"count":40,"href":"http:\/\/bistrot-des-arts.fr\/pierreandre\/wp-json\/wp\/v2\/pages\/7\/revisions"}],"predecessor-version":[{"id":142,"href":"http:\/\/bistrot-des-arts.fr\/pierreandre\/wp-json\/wp\/v2\/pages\/7\/revisions\/142"}],"wp:attachment":[{"href":"http:\/\/bistrot-des-arts.fr\/pierreandre\/wp-json\/wp\/v2\/media?parent=7"}],"curies":[{"name":"wp","href":"https:\/\/api.w.org\/{rel}","templated":true}]}}